{"id":21906,"date":"2022-11-11T11:14:03","date_gmt":"2022-11-11T10:14:03","guid":{"rendered":"https:\/\/valkveranda.nl\/glazen-schuifwand-offerte\/"},"modified":"2025-03-24T12:55:53","modified_gmt":"2025-03-24T11:55:53","slug":"glazen-schuifwand-offerte","status":"publish","type":"page","link":"https:\/\/valkveranda.nl\/de\/glazen-schuifwand-offerte\/","title":{"rendered":"Glazen schuifwand offerte"},"content":{"rendered":"<div class=\"wpb-content-wrapper\"><p>[vc_row full_width=&#8220;stretch_row&#8220; bg_type=&#8220;image&#8220; parallax_style=&#8220;vcpb-default&#8220; bg_image_new=&#8220;id^18792|url^https:\/\/valkveranda.nl\/wp-content\/uploads\/2021\/05\/glazenschuifwand_bovenstefoto.jpg|caption^null|alt^glazenschuifwand|title^glazenschuifwand_bovenstefoto|description^null&#8220;][vc_column][vc_row_inner][vc_column_inner width=&#8220;1\/6&#8243;][\/vc_column_inner][vc_column_inner width=&#8220;2\/3&#8243;][vc_empty_space height=&#8220;125&#8243;]<div id=\"ultimate-heading-615069edec6849b73\" class=\"uvc-heading ult-adjust-bottom-margin ultimate-heading-615069edec6849b73 uvc-1449  uvc-heading-default-font-sizes\" data-hspacer=\"line_with_icon\" data-hline_width=\"250\" data-hicon_type=\"selector\" data-hborder_style=\"solid\" data-hborder_height=\"1\" data-hborder_color=\"#ec6719\" data-icon_width=\"0\" data-hfixer=\"0\"  data-halign=\"center\" style=\"text-align:center\"><div class=\"uvc-main-heading ult-responsive\"  data-ultimate-target='.uvc-heading.ultimate-heading-615069edec6849b73 h1'  data-responsive-json-new='{\"font-size\":\"\",\"line-height\":\"\"}' ><h1 style=\"--font-weight:theme;color:#ffffff;\">Fordern Sie ein Angebot an<\/h1><\/div><div class=\"uvc-heading-spacer line_with_icon\" style=\"topheight:0px;\"><div class=\"ult-just-icon-wrapper  \"><div class=\"align-icon\" style=\"text-align:center;\">\n<div class=\"aio-icon none \"  style=\"color:#43b4ea;font-size:0px;display:inline-block;\">\n\t<i class=\"Defaults-angle-down\"><\/i>\n<\/div><\/div><\/div><\/div><div class=\"uvc-sub-heading ult-responsive\"  data-ultimate-target='.uvc-heading.ultimate-heading-615069edec6849b73 .uvc-sub-heading '  data-responsive-json-new='{\"font-size\":\"\",\"line-height\":\"\"}'  style=\"font-weight:normal;color:#ffffff;\"><\/p>\n<h2 style=\"color: white;\">f\u00fcr eine individuelle Gl\u00e4serne Schiebew\u00e4nde!<\/h2>\n<p><\/div><\/div>[vc_empty_space height=&#8220;75&#8243;][\/vc_column_inner][vc_column_inner width=&#8220;1\/6&#8243;][\/vc_column_inner][\/vc_row_inner][vc_row_inner][vc_column_inner width=&#8220;1\/4&#8243;][\/vc_column_inner][vc_column_inner width=&#8220;1\/4&#8243;]<style type=\"text\/css\">#dt-btn-1 {background: #ec6719;}<\/style><div class=\"text-centered\"><a href=\"\/de\/kontakt\/\" class=\"btn-shortcode dt-btn-m dt-btn default-btn-color default-btn-hover-color default-btn-bg-hover-color btn-off\" id=\"dt-btn-1\"><span>In Kontakt kommen<\/span><\/a><\/div>[\/vc_column_inner][vc_column_inner width=&#8220;1\/4&#8243;]<style type=\"text\/css\">#dt-btn-2 {background: #ec6719;}<\/style><div class=\"text-centered\"><a href=\"\/de\/showroom\/\" class=\"btn-shortcode dt-btn-m dt-btn default-btn-color default-btn-hover-color default-btn-bg-hover-color btn-off\" id=\"dt-btn-2\"><span>Showroom besuchen<\/span><\/a><\/div>[\/vc_column_inner][vc_column_inner width=&#8220;1\/4&#8243;][\/vc_column_inner][\/vc_row_inner][vc_empty_space height=&#8220;75&#8243;][\/vc_column][\/vc_row][vc_row css=&#8220;.vc_custom_1643708680184{padding-top: 50px !important;padding-right: 0px !important;padding-bottom: 50px !important;padding-left: 0px !important;}&#8220;][vc_column css=&#8220;.vc_custom_1644244825117{padding-right: 0px !important;padding-left: 0px !important;}&#8220;]\n<div class=\"wpcf7 no-js\" id=\"wpcf7-f21862-o1\" lang=\"de-DE\" dir=\"ltr\" data-wpcf7-id=\"21862\">\n<div class=\"screen-reader-response\"><p role=\"status\" aria-live=\"polite\" aria-atomic=\"true\"><\/p> <ul><\/ul><\/div>\n<form action=\"\/de\/wp-json\/wp\/v2\/pages\/21906#wpcf7-f21862-o1\" method=\"post\" class=\"wpcf7-form init\" aria-label=\"Kontaktformular\" enctype=\"multipart\/form-data\" novalidate=\"novalidate\" data-status=\"init\">\n<fieldset class=\"hidden-fields-container\"><input type=\"hidden\" name=\"_wpcf7\" value=\"21862\" \/><input type=\"hidden\" name=\"_wpcf7_version\" value=\"6.1.5\" \/><input type=\"hidden\" name=\"_wpcf7_locale\" value=\"de_DE\" \/><input type=\"hidden\" name=\"_wpcf7_unit_tag\" value=\"wpcf7-f21862-o1\" \/><input type=\"hidden\" name=\"_wpcf7_container_post\" value=\"0\" \/><input type=\"hidden\" name=\"_wpcf7_posted_data_hash\" value=\"\" \/><input type=\"hidden\" name=\"_wpcf7_recaptcha_response\" value=\"\" \/>\n<\/fieldset>\n<div class=\"hidden multistep-check\">\n\t<p><span class=\"wpcf7-form-control-wrap\" data-name=\"multistep\"><input size=\"40\" maxlength=\"400\" class=\"wpcf7-form-control wpcf7-text wpcf7-validates-as-required\" aria-required=\"true\" aria-invalid=\"false\" value=\"\" type=\"text\" name=\"multistep\" \/><\/span>\n\t<\/p>\n<\/div>\n<div class=\"hidden\">\n\t<p><input name=\"_wpcf7_check_tab\" value=\"1\" class=\"wpcf7_check_tab\" type=\"hidden\" \/><br \/>\n<input class=\"multistep_total\" value=\"7\" type=\"hidden\" \/>\n\t<\/p>\n<\/div><!-- \/.hidden -->\n<div class=\"container-cf7-steps container-cf7-steps-5\" id=\"cf7-form-step-id-21862\">\n\t<div class=\"container-multistep-header \">\n\t\t<ul class=\"cf7-display-steps-container cf7-display-steps-container-5\">\n\t\t\t<li  class='active cf7-steps-1' data-i=\"1\" data-tab=\".cf7-tab-1\">\n\t\t\t\t<p><span class='before'>1<\/span><span class='cf-content-s'>Gr\u00f6\u00dfe<\/span><span class='after'><\/span>\n\t\t\t\t<\/p>\n\t\t\t<\/li>\n\t\t\t<li  class=' cf7-steps-2' data-i=\"2\" data-tab=\".cf7-tab-2\">\n\t\t\t\t<p><span class='before'>2<\/span><span class='cf-content-s'>Farbe<\/span><span class='after'><\/span>\n\t\t\t\t<\/p>\n\t\t\t<\/li>\n\t\t\t<li  class=' cf7-steps-3' data-i=\"3\" data-tab=\".cf7-tab-3\">\n\t\t\t\t<p><span class='before'>3<\/span><span class='cf-content-s'>Vorderseite<\/span><span class='after'><\/span>\n\t\t\t\t<\/p>\n\t\t\t<\/li>\n\t\t\t<li  class=' cf7-steps-4' data-i=\"4\" data-tab=\".cf7-tab-4\">\n\t\t\t\t<p><span class='before'>4<\/span><span class='cf-content-s'>Links<\/span><span class='after'><\/span>\n\t\t\t\t<\/p>\n\t\t\t<\/li>\n\t\t\t<li  class=' cf7-steps-5' data-i=\"5\" data-tab=\".cf7-tab-5\">\n\t\t\t\t<p><span class='before'>5<\/span><span class='cf-content-s'>Rechts<\/span><span class='after'><\/span>\n\t\t\t\t<\/p>\n\t\t\t<\/li>\n\t\t\t<li  class=' cf7-steps-6' data-i=\"6\" data-tab=\".cf7-tab-6\">\n\t\t\t\t<p><span class='before'>6<\/span><span class='cf-content-s'>Montage<\/span><span class='after'><\/span>\n\t\t\t\t<\/p>\n\t\t\t<\/li>\n\t\t\t<li  class=' cf7-steps-7' data-i=\"7\" data-tab=\".cf7-tab-7\">\n\t\t\t\t<p><span class='before'>7<\/span><span class='cf-content-s'>Schicken<\/span><span class='after'><\/span>\n\t\t\t\t<\/p>\n\t\t\t<\/li>\n\t\t<\/ul>\n\t<\/div>\n\t<div class=\"container-body-tab\">\n\t\t<div class=\"cf7-tab  cf7-tab-1\" >\n\t\t\t<div class=\"cf7-content-tab\">\n\t\t\t\t<div class=\"afmetingenafbeelding\" style=\"margin-bottom:20px; margin-top:20px;\">\n\t\t\t\t\t<p><img decoding=\"async\" src=\"\/wp-content\/uploads\/2023\/02\/1.-Glazenschuifdeurwand-duits-01-verkleind.jpg\" width='450px' \/>\n\t\t\t\t\t<\/p>\n\t\t\t\t<\/div>\n\t\t\t\t<p><label><b>Geben Sie hier die Breite Ihrer bestehenden Veranda\/\u00dcberdachung ein.<\/b><br \/>\nGeben Sie unten die Breite Ihrer Veranda in Zentimetern ein.<br \/>\n<span class=\"wpcf7-form-control-wrap\" data-name=\"breedte\"><input size=\"40\" maxlength=\"400\" class=\"wpcf7-form-control wpcf7-text wpcf7-validates-as-required\" aria-required=\"true\" aria-invalid=\"false\" placeholder=\"455 cm\" value=\"\" type=\"text\" name=\"breedte\" \/><\/span><\/label>\n\t\t\t\t<\/p>\n\t\t\t\t<p><label><b>Geben Sie hier die Tiefe Ihrer bestehenden Veranda\/\u00dcberdachung ein<\/b><br \/>\nGeben Sie unten die Tiefe Ihrer Veranda in Zentimetern ein.<br \/>\n<span class=\"wpcf7-form-control-wrap\" data-name=\"diepte\"><input size=\"40\" maxlength=\"400\" class=\"wpcf7-form-control wpcf7-text wpcf7-validates-as-required\" aria-required=\"true\" aria-invalid=\"false\" placeholder=\"250 cm\" value=\"\" type=\"text\" name=\"diepte\" \/><\/span><\/label>\n\t\t\t\t<\/p>\n\t\t\t\t<p><label><b>Geben Sie hier die H\u00f6he Ihrer bestehenden Veranda\/\u00dcberdachung ein<\/b><br \/>\nGeben Sie hier die H\u00f6he ein, gemessen vom Boden bis zur Unterseite der Dachrinne.<br \/>\n<span class=\"wpcf7-form-control-wrap\" data-name=\"hoogte\"><input size=\"40\" maxlength=\"400\" class=\"wpcf7-form-control wpcf7-text wpcf7-validates-as-required\" aria-required=\"true\" aria-invalid=\"false\" placeholder=\"250 cm\" value=\"\" type=\"text\" name=\"hoogte\" \/><\/span><\/label>\n\t\t\t\t<\/p>\n\t\t\t<\/div>\n\t\t\t<div class=\"multistep-nav\">\n\t\t\t\t<div class=\"multistep-nav-left\">\n\t\t\t\t<\/div>\n\t\t\t\t<div class=\"multistep-nav-right\">\n\t\t\t\t\t<p><a href=\"#\" class=\"multistep-cf7-next\">N\u00e4chste <span class=\"ajax-loader hidden\"><\/span><\/a>\n\t\t\t\t\t<\/p>\n\t\t\t\t<\/div>\n\t\t\t<\/div>\n\t\t<\/div>\n\t\t<div class=\"cf7-tab hidden cf7-tab-2\" >\n\t\t\t<div class=\"cf7-content-tab\">\n\t\t\t\t<p><label><b>SW\u00e4hlen Sie die gew\u00fcnschte Rahmenfarbe f\u00fcr Ihre Schiebewand aus<\/b><br \/>\nUw voorkeur kleur?<br \/>\n<span class=\"wpcf7-form-control-wrap kleur-schuifwanden\"><div class=\"cf7-variations-image cf7-variations-swatches\">                         \r\n                                  <label data-label=\"\/wp-content\/uploads\/2023\/02\/2.-Antraciet-schuifwand-duits-01-verkleind.jpg\" data-value=\"Anthrazit RAL 7016\" data-selectid=\"kleur-schuifwanden\" class=\"cf7-data-options active\"><img decoding=\"async\" src=\"\/wp-content\/uploads\/2023\/02\/2.-Antraciet-schuifwand-duits-01-verkleind.jpg\" alt=\"\"><\/label><label data-label=\"\/wp-content\/uploads\/2023\/02\/3.-zwart-schuifwand-duits-01-verkleind.jpg\" data-value=\"Schwarz RAL 9005\" data-selectid=\"kleur-schuifwanden\" class=\"cf7-data-options \"><img decoding=\"async\" src=\"\/wp-content\/uploads\/2023\/02\/3.-zwart-schuifwand-duits-01-verkleind.jpg\" alt=\"\"><\/label>                       \r\n                    <\/div><select name=\"kleur-schuifwanden\" class=\"wpcf7-form-control wpcf7-image_swatches wpcf7-validates-as-required hidden\" aria-required=\"true\" aria-invalid=\"false\"><option value=\"Anthrazit RAL 7016\">\/wp-content\/uploads\/2023\/02\/2.-Antraciet-schuifwand-duits-01-verkleind.jpg<\/option><option value=\"Schwarz RAL 9005\">\/wp-content\/uploads\/2023\/02\/3.-zwart-schuifwand-duits-01-verkleind.jpg<\/option><\/select><\/span><br \/>\n<\/label>\n\t\t\t\t<\/p>\n\t\t\t<\/div>\n\t\t\t<div class=\"multistep-nav\">\n\t\t\t\t<div class=\"multistep-nav-left\">\n\t\t\t\t\t<p><a href=\"#\" class=\"multistep-cf7-first\">Erste<\/a><a href=\"#\" class=\"multistep-cf7-prev\">Vorherige<\/a>\n\t\t\t\t\t<\/p>\n\t\t\t\t<\/div>\n\t\t\t\t<div class=\"multistep-nav-right\">\n\t\t\t\t\t<p><a href=\"#\" class=\"multistep-cf7-next\">N\u00e4chste <span class=\"ajax-loader hidden\"><\/span><\/a>\n\t\t\t\t\t<\/p>\n\t\t\t\t<\/div>\n\t\t\t<\/div>\n\t\t<\/div>\n\t\t<div class=\"cf7-tab hidden cf7-tab-3\" >\n\t\t\t<div class=\"cf7-content-tab\">\n\t\t\t\t<p><label><b>W\u00e4hlen Sie die Glasart f\u00fcr die Front<\/b><br \/>\nWelche Option bevorzugen Sie?<br \/>\n<span class=\"wpcf7-form-control-wrap voorkant-schuifwanden\"><div class=\"cf7-variations-image cf7-variations-swatches\">                         \r\n                                  <label data-label=\"\/wp-content\/uploads\/2023\/02\/4.-glazen-schuifwand-voorkant-open-duits-verkleind.jpg\" data-value=\"Offen\" data-selectid=\"voorkant-schuifwanden\" class=\"cf7-data-options active\"><img decoding=\"async\" src=\"\/wp-content\/uploads\/2023\/02\/4.-glazen-schuifwand-voorkant-open-duits-verkleind.jpg\" alt=\"\"><\/label><label data-label=\"\/wp-content\/uploads\/2023\/02\/5.-glazen-schuifwand-voorkant-helder-glas-duits-verkleind.jpg\" data-value=\"Sauberes glas\" data-selectid=\"voorkant-schuifwanden\" class=\"cf7-data-options \"><img decoding=\"async\" src=\"\/wp-content\/uploads\/2023\/02\/5.-glazen-schuifwand-voorkant-helder-glas-duits-verkleind.jpg\" alt=\"\"><\/label><label data-label=\"\/wp-content\/uploads\/2023\/02\/6.-Glazen-schuifwand-getint-glas-E100-meerprijs-per-stuk-duits-verkleind.jpg\" data-value=\"Glasschibew\u00e4nde get\u00f6ntes glas\" data-selectid=\"voorkant-schuifwanden\" class=\"cf7-data-options \"><img decoding=\"async\" src=\"\/wp-content\/uploads\/2023\/02\/6.-Glazen-schuifwand-getint-glas-E100-meerprijs-per-stuk-duits-verkleind.jpg\" alt=\"\"><\/label>                       \r\n                    <\/div><select name=\"voorkant-schuifwanden\" class=\"wpcf7-form-control wpcf7-image_swatches wpcf7-validates-as-required hidden\" aria-required=\"true\" aria-invalid=\"false\"><option value=\"Offen\">\/wp-content\/uploads\/2023\/02\/4.-glazen-schuifwand-voorkant-open-duits-verkleind.jpg<\/option><option value=\"Sauberes glas\">\/wp-content\/uploads\/2023\/02\/5.-glazen-schuifwand-voorkant-helder-glas-duits-verkleind.jpg<\/option><option value=\"Glasschibew\u00e4nde get\u00f6ntes glas\">\/wp-content\/uploads\/2023\/02\/6.-Glazen-schuifwand-getint-glas-E100-meerprijs-per-stuk-duits-verkleind.jpg<\/option><\/select><\/span><br \/>\n<\/label>\n\t\t\t\t<\/p>\n\t\t\t<\/div>\n\t\t\t<div class=\"multistep-nav\">\n\t\t\t\t<div class=\"multistep-nav-left\">\n\t\t\t\t\t<p><a href=\"#\" class=\"multistep-cf7-first\">Erste<\/a><a href=\"#\" class=\"multistep-cf7-prev\">Vorherige<\/a>\n\t\t\t\t\t<\/p>\n\t\t\t\t<\/div>\n\t\t\t\t<div class=\"multistep-nav-right\">\n\t\t\t\t\t<p><a href=\"#\" class=\"multistep-cf7-next\">N\u00e4chste <span class=\"ajax-loader hidden\"><\/span><\/a>\n\t\t\t\t\t<\/p>\n\t\t\t\t<\/div>\n\t\t\t<\/div>\n\t\t<\/div>\n\t\t<div class=\"cf7-tab hidden cf7-tab-4\" >\n\t\t\t<div class=\"cf7-content-tab\">\n\t\t\t\t<p><label><b>W\u00e4hlen Sie die gew\u00fcnschte Wand auf der linken Seite Ihrer Veranda aus<\/b><br \/>\nWelche Wand bevorzugen Sie?<br \/>\n[image_swatches* links-schuifwanden \"Offen|\/wp-content\/uploads\/2023\/02\/1.-open-duits-links-01-verkleind.jpg\" Polycarbonat-keil opal|\/wp-content\/uploads\/2023\/02\/2.-spie-carbonaat-opaal-duits-links-01-verkleind.jpg\" \"Polycarbonat-keil klar|\/wp-content\/uploads\/2023\/02\/3.-spie-carbonaat-helder-duits-links-01-verkleind.jpg\" \"keil auf Zaun Glaszaun|\/wp-content\/uploads\/2023\/02\/4.-spie-op-schutting-glas-duits-links-01-verkleind.jpg\" \"Glasschiebet\u00fcr mit keil polycarbonat opal oder klar|\/wp-content\/uploads\/2023\/02\/9.-Glazenschuifdeur-met-spie-polycarbonaat-opaal-of-helder-duits-links-01-verkleind.jpg\"\"Glasschibet\u00fcr mit keilglas|\/wp-content\/uploads\/2023\/02\/5.-Glazenschuifdeur-met-spie-glas-duits-links-01-verkleind.jpg\" \"Seitenwand aluminium mit keil polycarbonat opal|\/wp-content\/uploads\/2023\/02\/6.-Zijwand-aluminium-met-spie-polycarbonaat-opaal-duits-links-01-verkleind.jpg\" \"Seitenwand aluminium keil polycarbonat klar|\/wp-content\/uploads\/2023\/02\/7.-Zijwand-aluminium-met-spie-polycarbonaat-helder-duits-links-01-verkleind.jpg\" \"Seitenwand aluminium mit Glaskeil|\/wp-content\/uploads\/2023\/02\/8.-Zijwand-aluminium-met-spie-glas-duits-links-01-verkleind.jpg\"\"Seitenwandfalz aus aluminium|\/wp-content\/uploads\/2023\/02\/10.-Aluminium-zijwand-rabat-duits-01-verkleind.jpg\"\"Aluminium-sandwichplatten isoliert|\/wp-content\/uploads\/2023\/02\/11.-Aluminium-sandwich-panelen-geisoleerd-duits-01-verkleind.jpg\"]<br \/>\n<\/label>\n\t\t\t\t<\/p>\n\t\t\t<\/div>\n\t\t\t<div class=\"multistep-nav\">\n\t\t\t\t<div class=\"multistep-nav-left\">\n\t\t\t\t\t<p><a href=\"#\" class=\"multistep-cf7-first\">Erste<\/a><a href=\"#\" class=\"multistep-cf7-prev\">Vorherige<\/a>\n\t\t\t\t\t<\/p>\n\t\t\t\t<\/div>\n\t\t\t\t<div class=\"multistep-nav-right\">\n\t\t\t\t\t<p><a href=\"#\" class=\"multistep-cf7-next\">N\u00e4chste <span class=\"ajax-loader hidden\"><\/span><\/a>\n\t\t\t\t\t<\/p>\n\t\t\t\t<\/div>\n\t\t\t<\/div>\n\t\t<\/div>\n\t\t<div class=\"cf7-tab hidden cf7-tab-5\" >\n\t\t\t<div class=\"cf7-content-tab\">\n\t\t\t\t<p><label><b>W\u00e4hlen Sie die gew\u00fcnschte Wand auf der rechten Seite Ihrer Veranda aus<\/b><br \/>\nWelche Wand bevorzugen Sie?<br \/>\n<span class=\"wpcf7-form-control-wrap rechts-schuifwanden\"><div class=\"cf7-variations-image cf7-variations-swatches\">                         \r\n                                  <label data-label=\"\/wp-content\/uploads\/2023\/02\/1.-open-duits-rechts-01-verkleind.jpg\" data-value=\"Offen\" data-selectid=\"rechts-schuifwanden\" class=\"cf7-data-options active\"><img decoding=\"async\" src=\"\/wp-content\/uploads\/2023\/02\/1.-open-duits-rechts-01-verkleind.jpg\" alt=\"\"><\/label><label data-label=\"\/wp-content\/uploads\/2023\/02\/2.-spie-carbonaat-opaal-duits-rechts-01-verkleind.jpg\" data-value=\"Polycarbonat-keil opal\" data-selectid=\"rechts-schuifwanden\" class=\"cf7-data-options \"><img decoding=\"async\" src=\"\/wp-content\/uploads\/2023\/02\/2.-spie-carbonaat-opaal-duits-rechts-01-verkleind.jpg\" alt=\"\"><\/label><label data-label=\"\/wp-content\/uploads\/2023\/02\/3.-spie-carbonaat-helder-duits-rechts-01-verkleind.jpg\" data-value=\"Polycarbonat-keil klar\" data-selectid=\"rechts-schuifwanden\" class=\"cf7-data-options \"><img decoding=\"async\" src=\"\/wp-content\/uploads\/2023\/02\/3.-spie-carbonaat-helder-duits-rechts-01-verkleind.jpg\" alt=\"\"><\/label><label data-label=\"\/wp-content\/uploads\/2023\/02\/4.-spie-op-schutting-glas-duits-rechts-01-verkleind.jpg\" data-value=\"keil auf Zaun Glaszaun\" data-selectid=\"rechts-schuifwanden\" class=\"cf7-data-options \"><img decoding=\"async\" src=\"\/wp-content\/uploads\/2023\/02\/4.-spie-op-schutting-glas-duits-rechts-01-verkleind.jpg\" alt=\"\"><\/label><label data-label=\"\/wp-content\/uploads\/2023\/02\/9.-Glazenschuifdeur-met-spie-polycarbonaat-opaal-of-helder-duits-rechts-01-verkleind.jpg\" data-value=\"Glasschiebet\u00fcr mit keil polycarbonat opal oder klar\" data-selectid=\"rechts-schuifwanden\" class=\"cf7-data-options \"><img decoding=\"async\" src=\"\/wp-content\/uploads\/2023\/02\/9.-Glazenschuifdeur-met-spie-polycarbonaat-opaal-of-helder-duits-rechts-01-verkleind.jpg\" alt=\"\"><\/label><label data-label=\"\/wp-content\/uploads\/2023\/02\/5.-Glazenschuifdeur-met-spie-glas-duits-rechts-01-verkleind.jpg\" data-value=\"Glasschibet\u00fcr mit keilglas\" data-selectid=\"rechts-schuifwanden\" class=\"cf7-data-options \"><img decoding=\"async\" src=\"\/wp-content\/uploads\/2023\/02\/5.-Glazenschuifdeur-met-spie-glas-duits-rechts-01-verkleind.jpg\" alt=\"\"><\/label><label data-label=\"\/wp-content\/uploads\/2023\/02\/6.-Zijwand-aluminium-met-spie-polycarbonaat-opaal-duits-rechts-01-verkleind.jpg\" data-value=\"Seitenwand aluminium mit keil polycarbonat opal\" data-selectid=\"rechts-schuifwanden\" class=\"cf7-data-options \"><img decoding=\"async\" src=\"\/wp-content\/uploads\/2023\/02\/6.-Zijwand-aluminium-met-spie-polycarbonaat-opaal-duits-rechts-01-verkleind.jpg\" alt=\"\"><\/label><label data-label=\"\/wp-content\/uploads\/2023\/02\/7.-Zijwand-aluminium-met-spie-polycarbonaat-helder-duits-rechts-01-verkleind.jpg\" data-value=\"Seitenwand aluminium keil polycarbonat klar\" data-selectid=\"rechts-schuifwanden\" class=\"cf7-data-options \"><img decoding=\"async\" src=\"\/wp-content\/uploads\/2023\/02\/7.-Zijwand-aluminium-met-spie-polycarbonaat-helder-duits-rechts-01-verkleind.jpg\" alt=\"\"><\/label><label data-label=\"\/wp-content\/uploads\/2023\/02\/8.-Zijwand-aluminium-met-spie-glas-duits-rechts-01-verkleind.jpg\" data-value=\"Seitenwand aluminium mit Glaskeil\" data-selectid=\"rechts-schuifwanden\" class=\"cf7-data-options \"><img decoding=\"async\" src=\"\/wp-content\/uploads\/2023\/02\/8.-Zijwand-aluminium-met-spie-glas-duits-rechts-01-verkleind.jpg\" alt=\"\"><\/label><label data-label=\"\/wp-content\/uploads\/2023\/02\/10.-Aluminium-zijwand-rabat-duits-01-verkleind-1.jpg\" data-value=\"Seitenwandfalz aus aluminium\" data-selectid=\"rechts-schuifwanden\" class=\"cf7-data-options \"><img decoding=\"async\" src=\"\/wp-content\/uploads\/2023\/02\/10.-Aluminium-zijwand-rabat-duits-01-verkleind-1.jpg\" alt=\"\"><\/label><label data-label=\"\/wp-content\/uploads\/2023\/02\/11.-Aluminium-sandwich-panelen-geisoleerd-duits-01-verkleind-1.jpg\" data-value=\"Aluminium-sandwichplatten isoliert\" data-selectid=\"rechts-schuifwanden\" class=\"cf7-data-options \"><img decoding=\"async\" src=\"\/wp-content\/uploads\/2023\/02\/11.-Aluminium-sandwich-panelen-geisoleerd-duits-01-verkleind-1.jpg\" alt=\"\"><\/label>                       \r\n                    <\/div><select name=\"rechts-schuifwanden\" class=\"wpcf7-form-control wpcf7-image_swatches wpcf7-validates-as-required hidden\" aria-required=\"true\" aria-invalid=\"false\"><option value=\"Offen\">\/wp-content\/uploads\/2023\/02\/1.-open-duits-rechts-01-verkleind.jpg<\/option><option value=\"Polycarbonat-keil opal\">\/wp-content\/uploads\/2023\/02\/2.-spie-carbonaat-opaal-duits-rechts-01-verkleind.jpg<\/option><option value=\"Polycarbonat-keil klar\">\/wp-content\/uploads\/2023\/02\/3.-spie-carbonaat-helder-duits-rechts-01-verkleind.jpg<\/option><option value=\"keil auf Zaun Glaszaun\">\/wp-content\/uploads\/2023\/02\/4.-spie-op-schutting-glas-duits-rechts-01-verkleind.jpg<\/option><option value=\"Glasschiebet\u00fcr mit keil polycarbonat opal oder klar\">\/wp-content\/uploads\/2023\/02\/9.-Glazenschuifdeur-met-spie-polycarbonaat-opaal-of-helder-duits-rechts-01-verkleind.jpg<\/option><option value=\"Glasschibet\u00fcr mit keilglas\">\/wp-content\/uploads\/2023\/02\/5.-Glazenschuifdeur-met-spie-glas-duits-rechts-01-verkleind.jpg<\/option><option value=\"Seitenwand aluminium mit keil polycarbonat opal\">\/wp-content\/uploads\/2023\/02\/6.-Zijwand-aluminium-met-spie-polycarbonaat-opaal-duits-rechts-01-verkleind.jpg<\/option><option value=\"Seitenwand aluminium keil polycarbonat klar\">\/wp-content\/uploads\/2023\/02\/7.-Zijwand-aluminium-met-spie-polycarbonaat-helder-duits-rechts-01-verkleind.jpg<\/option><option value=\"Seitenwand aluminium mit Glaskeil\">\/wp-content\/uploads\/2023\/02\/8.-Zijwand-aluminium-met-spie-glas-duits-rechts-01-verkleind.jpg<\/option><option value=\"Seitenwandfalz aus aluminium\">\/wp-content\/uploads\/2023\/02\/10.-Aluminium-zijwand-rabat-duits-01-verkleind-1.jpg<\/option><option value=\"Aluminium-sandwichplatten isoliert\">\/wp-content\/uploads\/2023\/02\/11.-Aluminium-sandwich-panelen-geisoleerd-duits-01-verkleind-1.jpg<\/option><\/select><\/span><br \/>\n<\/label>\n\t\t\t\t<\/p>\n\t\t\t<\/div>\n\t\t\t<div class=\"multistep-nav\">\n\t\t\t\t<div class=\"multistep-nav-left\">\n\t\t\t\t\t<p><a href=\"#\" class=\"multistep-cf7-first\">Erste<\/a><a href=\"#\" class=\"multistep-cf7-prev\">Vorherige<\/a>\n\t\t\t\t\t<\/p>\n\t\t\t\t<\/div>\n\t\t\t\t<div class=\"multistep-nav-right\">\n\t\t\t\t\t<p><a href=\"#\" class=\"multistep-cf7-next\">N\u00e4chste <span class=\"ajax-loader hidden\"><\/span><\/a>\n\t\t\t\t\t<\/p>\n\t\t\t\t<\/div>\n\t\t\t<\/div>\n\t\t<\/div>\n\t\t<div class=\"cf7-tab hidden cf7-tab-6\" >\n\t\t\t<div class=\"cf7-content-tab\">\n\t\t\t\t<p><label>Incl. Montage* <span class=\"wpcf7-form-control-wrap\" data-name=\"menu-montage\"><select class=\"wpcf7-form-control wpcf7-select wpcf7-validates-as-required\" aria-required=\"true\" aria-invalid=\"false\" name=\"menu-montage\"><option value=\"Bitte ausw\u00e4hlen\">Bitte ausw\u00e4hlen<\/option><option value=\"Ja\">Ja<\/option><option value=\"Nein\">Nein<\/option><\/select><\/span> <\/label>\n\t\t\t\t<\/p>\n\t\t\t\t<p><label>Lieferung oder Selbstabholung (nur bei Auswahl 'ohne Montage') <span class=\"wpcf7-form-control-wrap\" data-name=\"menu-bezorging\"><select class=\"wpcf7-form-control wpcf7-select\" aria-invalid=\"false\" name=\"menu-bezorging\"><option value=\"N.A.\">N.A.<\/option><option value=\"Selbst abholen\">Selbst abholen<\/option><option value=\"Lieferung (2 \u20ac pro km einfache Strecke von Eindhoven)\">Lieferung (2 \u20ac pro km einfache Strecke von Eindhoven)<\/option><\/select><\/span> <\/label>\n\t\t\t\t<\/p>\n\t\t\t\t<p><label> Bild (max. 10mb) Ihres Gartens<br \/>\n<span class=\"wpcf7-form-control-wrap\" data-name=\"file-942\"><input size=\"40\" class=\"wpcf7-form-control wpcf7-file\" accept=\".gif,.png,.jpg,.jpeg\" aria-invalid=\"false\" type=\"file\" name=\"file-942\" \/><\/span> <\/label>\n\t\t\t\t<\/p>\n\t\t\t<\/div>\n\t\t\t<div class=\"multistep-nav\">\n\t\t\t\t<div class=\"multistep-nav-left\">\n\t\t\t\t\t<p><a href=\"#\" class=\"multistep-cf7-first\">Erste<\/a><a href=\"#\" class=\"multistep-cf7-prev\">Vorherige<\/a>\n\t\t\t\t\t<\/p>\n\t\t\t\t<\/div>\n\t\t\t\t<div class=\"multistep-nav-right\">\n\t\t\t\t\t<p><a href=\"#\" class=\"multistep-cf7-next\">N\u00e4chste <span class=\"ajax-loader hidden\"><\/span><\/a>\n\t\t\t\t\t<\/p>\n\t\t\t\t<\/div>\n\t\t\t<\/div>\n\t\t<\/div>\n\t\t<div class=\"cf7-tab hidden cf7-tab-7\" >\n\t\t\t<div class=\"cf7-content-tab\">\n\t\t\t\t<h3>Kundendaten\n\t\t\t\t<\/h3>\n\t\t\t\t<p><label> Volledige naam*<br \/>\n<span class=\"wpcf7-form-control-wrap\" data-name=\"naam\"><input size=\"40\" maxlength=\"400\" class=\"wpcf7-form-control wpcf7-text wpcf7-validates-as-required\" aria-required=\"true\" aria-invalid=\"false\" placeholder=\"Geben Sie Vor-und Nachnamen ein\" value=\"\" type=\"text\" name=\"naam\" \/><\/span> <\/label>\n\t\t\t\t<\/p>\n\t\t\t\t<p><label> Stra\u00dfenname*<br \/>\n<span class=\"wpcf7-form-control-wrap\" data-name=\"adres1\"><input size=\"40\" maxlength=\"400\" class=\"wpcf7-form-control wpcf7-text wpcf7-validates-as-required\" aria-required=\"true\" aria-invalid=\"false\" placeholder=\"Geben Sie Ihren Stra\u00dfennamen ein\" value=\"\" type=\"text\" name=\"adres1\" \/><\/span> <\/label>\n\t\t\t\t<\/p>\n\t\t\t\t<p><label>Hausnummer*<br \/>\n<span class=\"wpcf7-form-control-wrap\" data-name=\"huisnr\"><input size=\"40\" maxlength=\"400\" class=\"wpcf7-form-control wpcf7-text wpcf7-validates-as-required\" aria-required=\"true\" aria-invalid=\"false\" placeholder=\"Geben Sie Ihre Hausnummer ein\" value=\"\" type=\"text\" name=\"huisnr\" \/><\/span> <\/label>\n\t\t\t\t<\/p>\n\t\t\t\t<p><label> Postleitzahl*<br \/>\n<span class=\"wpcf7-form-control-wrap\" data-name=\"postcode\"><input size=\"40\" maxlength=\"400\" class=\"wpcf7-form-control wpcf7-text wpcf7-validates-as-required\" aria-required=\"true\" aria-invalid=\"false\" value=\"\" type=\"text\" name=\"postcode\" \/><\/span> <\/label>\n\t\t\t\t<\/p>\n\t\t\t\t<p><label>Residenz*<br \/>\n<span class=\"wpcf7-form-control-wrap\" data-name=\"woonplaats\"><input size=\"40\" maxlength=\"400\" class=\"wpcf7-form-control wpcf7-text wpcf7-validates-as-required\" aria-required=\"true\" aria-invalid=\"false\" value=\"\" type=\"text\" name=\"woonplaats\" \/><\/span> <\/label>\n\t\t\t\t<\/p>\n\t\t\t\t<p><label> Email*<br \/>\n<span class=\"wpcf7-form-control-wrap\" data-name=\"emailadres\"><input size=\"40\" maxlength=\"400\" class=\"wpcf7-form-control wpcf7-email wpcf7-validates-as-required wpcf7-text wpcf7-validates-as-email\" aria-required=\"true\" aria-invalid=\"false\" value=\"\" type=\"email\" name=\"emailadres\" \/><\/span> <\/label>\n\t\t\t\t<\/p>\n\t\t\t\t<p><label> Telefon*<br \/>\n<span class=\"wpcf7-form-control-wrap\" data-name=\"telefoon\"><input size=\"40\" maxlength=\"400\" class=\"wpcf7-form-control wpcf7-tel wpcf7-validates-as-required wpcf7-text wpcf7-validates-as-tel\" aria-required=\"true\" aria-invalid=\"false\" value=\"\" type=\"tel\" name=\"telefoon\" \/><\/span> <\/label>\n\t\t\t\t<\/p>\n\t\t\t\t<p><label> Kommentare<br \/>\n<span class=\"wpcf7-form-control-wrap\" data-name=\"your-message\"><textarea cols=\"5\" rows=\"3\" maxlength=\"2000\" class=\"wpcf7-form-control wpcf7-textarea\" aria-invalid=\"false\" name=\"your-message\"><\/textarea><\/span> <\/label>\n\t\t\t\t<\/p>\n\t\t\t\t<p><input class=\"wpcf7-form-control wpcf7-submit has-spinner\" type=\"submit\" value=\"Senden\" \/>\n\t\t\t\t<\/p>\n\t\t\t<\/div>\n\t\t\t<div class=\"multistep-nav\">\n\t\t\t\t<div class=\"multistep-nav-left\">\n\t\t\t\t\t<p><a href=\"#\" class=\"multistep-cf7-first\">Erste<\/a><a href=\"#\" class=\"multistep-cf7-prev\">Vorherige<\/a>\n\t\t\t\t\t<\/p>\n\t\t\t\t<\/div>\n\t\t\t\t<div class=\"multistep-nav-right\">\n\t\t\t\t<\/div>\n\t\t\t<\/div>\n\t\t<\/div>\n\t<\/div>\n<\/div>\n<style type=\"text\/css\">\n #cf7-form-step-id-21862 .cf7-display-steps-container-1 li,\n #cf7-form-step-id-21862 .cf7-display-steps-container-2 li,\n #cf7-form-step-id-21862 .cf7-display-steps-container-3 li,\n #cf7-form-step-id-21862 .cf7-display-steps-container-4 li,\n #cf7-form-step-id-21862 .cf7-display-steps-container-5 li span.before,\n #cf7-form-step-id-21862 .cf7-display-steps-container-5 li span.after{\n background-color: #43b4ea !important;\n color: #ffffff !important;\n }\n #cf7-form-step-id-21862 .cf7-display-steps-container-1 li.active,\n #cf7-form-step-id-21862 .cf7-display-steps-container-2 li.active,\n #cf7-form-step-id-21862 .cf7-display-steps-container-3 li.active,\n #cf7-form-step-id-21862 .cf7-display-steps-container-4 li.active,\n #cf7-form-step-id-21862 .cf7-display-steps-container-5 li.active span.before{\n background: #ec6719 !important;\n color: #fff !important;\n }\n #cf7-form-step-id-21862 .cf7-display-steps-container-1 li .after,\n #cf7-form-step-id-21862 .cf7-display-steps-container-2 li .after,\n #cf7-form-step-id-21862 .cf7-display-steps-container-3 li .after,\n #cf7-form-step-id-21862 .cf7-display-steps-container-4 li .after,\n #cf7-form-step-id-21862 .cf7-display-steps-container-5 li span.after{\n border-left: 16px solid #43b4ea !important;\n }\n #cf7-form-step-id-21862 .cf7-display-steps-container-1 li.active .after,\n #cf7-form-step-id-21862 .cf7-display-steps-container-2 li.active .after,\n #cf7-form-step-id-21862 .cf7-display-steps-container-3 li.active .after,\n #cf7-form-step-id-21862 .cf7-display-steps-container-4 li.active .after,\n #cf7-form-step-id-21862 .cf7-display-steps-container-5 li.active span.after{\n border-left: 16px solid #ec6719 !important;\n }\n #cf7-form-step-id-21862 .cf7-display-steps-container-1 li.enabled .after,\n #cf7-form-step-id-21862 .cf7-display-steps-container-2 li.enabled .after,\n #cf7-form-step-id-21862 .cf7-display-steps-container-3 li.enabled .after,\n #cf7-form-step-id-21862 .cf7-display-steps-container-4 li.enabled .after,\n #cf7-form-step-id-21862 .cf7-display-steps-container-5 li.enabled span.after{\n border-left: 16px solid #ec6719 !important;\n }\n #cf7-form-step-id-21862 .cf7-display-steps-container-1 li.enabled,\n #cf7-form-step-id-21862 .cf7-display-steps-container-2 li.enabled,\n #cf7-form-step-id-21862 .cf7-display-steps-container-3 li.enabled,\n #cf7-form-step-id-21862 .cf7-display-steps-container-4 li.enabled,\n #cf7-form-step-id-21862 .cf7-display-steps-container-5 li.enabled span.before,\n #cf7-form-step-id-21862 .cf7-display-steps-container-5 li.enabled span.after,\n #cf7-form-step-id-21862 .cf7-display-steps-container-5 li.active span.after{\n background: #ec6719 !important;\n color: #fff !important;\n }\n #cf7-form-step-id-21862.container-cf7-steps-7 .cf7-display-steps-container-5 li.active span.before,\n #cf7-form-step-id-21862.container-cf7-steps-8 .cf7-display-steps-container-5 li.active span.before{\n box-shadow: 0 0 0 2px #ec6719 !important;\n }\n #cf7-form-step-id-21862 .multistep-nav a{\n background: #43b4ea !important;\n color: #ffffff !important;\n padding: 5px 15px;\n text-decoration: none;\n }\n<\/style>\n<p><script type=\"text\/javascript\">\n var cf7_step_confirm = {\"breedte\":\"\",\"diepte\":\"\",\"hoogte\":\"\",\"kleur-schuifwanden\":\"\",\"voorkant-schuifwanden\":\"\",\"links-schuifwanden\":\"\",\"rechts-schuifwanden\":\"\",\"menu-montage\":\"\",\"menu-bezorging\":\"\",\"file-942\":\"\",\"naam\":\"\",\"adres1\":\"\",\"huisnr\":\"\",\"postcode\":\"\",\"woonplaats\":\"\",\"emailadres\":\"\",\"telefoon\":\"\",\"your-message\":\"\"};\n <\/script>\n<\/p><input type='hidden' class='wpcf7-pum' value='{\"closepopup\":false,\"closedelay\":0,\"openpopup\":false,\"openpopup_id\":0}' \/><div class=\"wpcf7-response-output\" aria-hidden=\"true\"><\/div><input type=\"hidden\" value=\"0\" class=\"cf7-thankyou-page-failed\" ><input type=\"hidden\" value=\"0\" class=\"cf7-thankyou-page-success\" >        <script type=\"text\/javascript\">\r\n             var cf7_swatches_tooltips = {\"tooltips\":\"\"};\r\n        <\/script>\r\n         <style type=\"text\/css\">\r\n             .cf7-variations-image label{\r\n                width: 390px !important;\r\n                height: px !important;\r\n             }\r\n             .cf7-variations-color label{\r\n                width: px !important;\r\n                height: px !important;\r\n             }\r\n         <\/style>\r\n        \n<\/form>\n<\/div>\n[\/vc_column][\/vc_row]<\/p>\n<\/div>","protected":false},"excerpt":{"rendered":"<p>[vc_row full_width=&#8220;stretch_row&#8220; bg_type=&#8220;image&#8220; parallax_style=&#8220;vcpb-default&#8220; bg_image_new=&#8220;id^18792|url^https:\/\/valkveranda.nl\/wp-content\/uploads\/2021\/05\/glazenschuifwand_bovenstefoto.jpg|caption^null|alt^glazenschuifwand|title^glazenschuifwand_bovenstefoto|description^null&#8220;][vc_column][vc_row_inner][vc_column_inner width=&#8220;1\/6&#8243;][\/vc_column_inner][vc_column_inner width=&#8220;2\/3&#8243;][vc_empty_space height=&#8220;125&#8243;][vc_empty_space height=&#8220;75&#8243;][\/vc_column_inner][vc_column_inner width=&#8220;1\/6&#8243;][\/vc_column_inner][\/vc_row_inner][vc_row_inner][vc_column_inner width=&#8220;1\/4&#8243;][\/vc_column_inner][vc_column_inner width=&#8220;1\/4&#8243;][\/vc_column_inner][vc_column_inner width=&#8220;1\/4&#8243;][\/vc_column_inner][vc_column_inner width=&#8220;1\/4&#8243;][\/vc_column_inner][\/vc_row_inner][vc_empty_space height=&#8220;75&#8243;][\/vc_column][\/vc_row][vc_row css=&#8220;.vc_custom_1643708680184{padding-top: 50px !important;padding-right: 0px !important;padding-bottom: 50px !important;padding-left: 0px !important;}&#8220;][vc_column css=&#8220;.vc_custom_1644244825117{padding-right: 0px !important;padding-left: 0px !important;}&#8220;][\/vc_column][\/vc_row]<\/p>\n","protected":false},"author":4,"featured_media":0,"parent":0,"menu_order":0,"comment_status":"closed","ping_status":"closed","template":"","meta":{"footnotes":""},"class_list":["post-21906","page","type-page","status-publish","hentry","description-off"],"yoast_head":"<!-- This site is optimized with the Yoast SEO plugin v27.4 - https:\/\/yoast.com\/product\/yoast-seo-wordpress\/ -->\n<title>Angebot f\u00fcr Glasschiebet\u00fcr anfordern | Valk Veranda<\/title>\n<meta name=\"description\" content=\"Fordern Sie unverbindlich ein Angebot f\u00fcr eine ma\u00dfgeschneiderte Glasschiebet\u00fcr bei Valk Veranda an. | F\u00fcr Qualit\u00e4t und Personalisierung\" \/>\n<meta name=\"robots\" content=\"index, follow, max-snippet:-1, max-image-preview:large, max-video-preview:-1\" \/>\n<link rel=\"canonical\" href=\"https:\/\/valkveranda.nl\/de\/glazen-schuifwand-offerte\/\" \/>\n<meta property=\"og:locale\" content=\"de_DE\" \/>\n<meta property=\"og:type\" content=\"article\" \/>\n<meta property=\"og:title\" content=\"Angebot f\u00fcr Glasschiebet\u00fcr anfordern | Valk Veranda\" \/>\n<meta property=\"og:description\" content=\"Fordern Sie unverbindlich ein Angebot f\u00fcr eine ma\u00dfgeschneiderte Glasschiebet\u00fcr bei Valk Veranda an. | F\u00fcr Qualit\u00e4t und Personalisierung\" \/>\n<meta property=\"og:url\" content=\"https:\/\/valkveranda.nl\/de\/glazen-schuifwand-offerte\/\" \/>\n<meta property=\"og:site_name\" content=\"Valk Veranda\" \/>\n<meta property=\"article:publisher\" content=\"https:\/\/www.facebook.com\/valkveranda.nl\/?locale=nl_NL\" \/>\n<meta property=\"article:modified_time\" content=\"2025-03-24T11:55:53+00:00\" \/>\n<meta name=\"twitter:card\" content=\"summary_large_image\" \/>\n<meta name=\"twitter:label1\" content=\"Gesch\u00e4tzte Lesezeit\" \/>\n\t<meta name=\"twitter:data1\" content=\"1\u00a0Minute\" \/>\n<script type=\"application\/ld+json\" class=\"yoast-schema-graph\">{\"@context\":\"https:\\\/\\\/schema.org\",\"@graph\":[{\"@type\":\"WebPage\",\"@id\":\"https:\\\/\\\/valkveranda.nl\\\/de\\\/glazen-schuifwand-offerte\\\/\",\"url\":\"https:\\\/\\\/valkveranda.nl\\\/de\\\/glazen-schuifwand-offerte\\\/\",\"name\":\"Angebot f\u00fcr Glasschiebet\u00fcr anfordern | Valk Veranda\",\"isPartOf\":{\"@id\":\"https:\\\/\\\/valkveranda.nl\\\/de\\\/#website\"},\"datePublished\":\"2022-11-11T10:14:03+00:00\",\"dateModified\":\"2025-03-24T11:55:53+00:00\",\"description\":\"Fordern Sie unverbindlich ein Angebot f\u00fcr eine ma\u00dfgeschneiderte Glasschiebet\u00fcr bei Valk Veranda an. | F\u00fcr Qualit\u00e4t und Personalisierung\",\"breadcrumb\":{\"@id\":\"https:\\\/\\\/valkveranda.nl\\\/de\\\/glazen-schuifwand-offerte\\\/#breadcrumb\"},\"inLanguage\":\"de\",\"potentialAction\":[{\"@type\":\"ReadAction\",\"target\":[\"https:\\\/\\\/valkveranda.nl\\\/de\\\/glazen-schuifwand-offerte\\\/\"]}]},{\"@type\":\"BreadcrumbList\",\"@id\":\"https:\\\/\\\/valkveranda.nl\\\/de\\\/glazen-schuifwand-offerte\\\/#breadcrumb\",\"itemListElement\":[{\"@type\":\"ListItem\",\"position\":1,\"name\":\"Home\",\"item\":\"https:\\\/\\\/valkveranda.nl\\\/de\\\/\"},{\"@type\":\"ListItem\",\"position\":2,\"name\":\"Glazen schuifwand offerte\"}]},{\"@type\":\"WebSite\",\"@id\":\"https:\\\/\\\/valkveranda.nl\\\/de\\\/#website\",\"url\":\"https:\\\/\\\/valkveranda.nl\\\/de\\\/\",\"name\":\"Valk Veranda\",\"description\":\"Geniet langer van uw tuin!\",\"publisher\":{\"@id\":\"https:\\\/\\\/valkveranda.nl\\\/de\\\/#organization\"},\"potentialAction\":[{\"@type\":\"SearchAction\",\"target\":{\"@type\":\"EntryPoint\",\"urlTemplate\":\"https:\\\/\\\/valkveranda.nl\\\/de\\\/?s={search_term_string}\"},\"query-input\":{\"@type\":\"PropertyValueSpecification\",\"valueRequired\":true,\"valueName\":\"search_term_string\"}}],\"inLanguage\":\"de\"},{\"@type\":\"Organization\",\"@id\":\"https:\\\/\\\/valkveranda.nl\\\/de\\\/#organization\",\"name\":\"Valk Veranda\",\"url\":\"https:\\\/\\\/valkveranda.nl\\\/de\\\/\",\"logo\":{\"@type\":\"ImageObject\",\"inLanguage\":\"de\",\"@id\":\"https:\\\/\\\/valkveranda.nl\\\/de\\\/#\\\/schema\\\/logo\\\/image\\\/\",\"url\":\"https:\\\/\\\/valkveranda.nl\\\/wp-content\\\/uploads\\\/2020\\\/10\\\/valk-veranda-02.png\",\"contentUrl\":\"https:\\\/\\\/valkveranda.nl\\\/wp-content\\\/uploads\\\/2020\\\/10\\\/valk-veranda-02.png\",\"width\":242,\"height\":51,\"caption\":\"Valk Veranda\"},\"image\":{\"@id\":\"https:\\\/\\\/valkveranda.nl\\\/de\\\/#\\\/schema\\\/logo\\\/image\\\/\"},\"sameAs\":[\"https:\\\/\\\/www.facebook.com\\\/valkveranda.nl\\\/?locale=nl_NL\",\"https:\\\/\\\/www.instagram.co\"]}]}<\/script>\n<!-- \/ Yoast SEO plugin. -->","yoast_head_json":{"title":"Angebot f\u00fcr Glasschiebet\u00fcr anfordern | Valk Veranda","description":"Fordern Sie unverbindlich ein Angebot f\u00fcr eine ma\u00dfgeschneiderte Glasschiebet\u00fcr bei Valk Veranda an. | F\u00fcr Qualit\u00e4t und Personalisierung","robots":{"index":"index","follow":"follow","max-snippet":"max-snippet:-1","max-image-preview":"max-image-preview:large","max-video-preview":"max-video-preview:-1"},"canonical":"https:\/\/valkveranda.nl\/de\/glazen-schuifwand-offerte\/","og_locale":"de_DE","og_type":"article","og_title":"Angebot f\u00fcr Glasschiebet\u00fcr anfordern | Valk Veranda","og_description":"Fordern Sie unverbindlich ein Angebot f\u00fcr eine ma\u00dfgeschneiderte Glasschiebet\u00fcr bei Valk Veranda an. | F\u00fcr Qualit\u00e4t und Personalisierung","og_url":"https:\/\/valkveranda.nl\/de\/glazen-schuifwand-offerte\/","og_site_name":"Valk Veranda","article_publisher":"https:\/\/www.facebook.com\/valkveranda.nl\/?locale=nl_NL","article_modified_time":"2025-03-24T11:55:53+00:00","twitter_card":"summary_large_image","twitter_misc":{"Gesch\u00e4tzte Lesezeit":"1\u00a0Minute"},"schema":{"@context":"https:\/\/schema.org","@graph":[{"@type":"WebPage","@id":"https:\/\/valkveranda.nl\/de\/glazen-schuifwand-offerte\/","url":"https:\/\/valkveranda.nl\/de\/glazen-schuifwand-offerte\/","name":"Angebot f\u00fcr Glasschiebet\u00fcr anfordern | Valk Veranda","isPartOf":{"@id":"https:\/\/valkveranda.nl\/de\/#website"},"datePublished":"2022-11-11T10:14:03+00:00","dateModified":"2025-03-24T11:55:53+00:00","description":"Fordern Sie unverbindlich ein Angebot f\u00fcr eine ma\u00dfgeschneiderte Glasschiebet\u00fcr bei Valk Veranda an. | F\u00fcr Qualit\u00e4t und Personalisierung","breadcrumb":{"@id":"https:\/\/valkveranda.nl\/de\/glazen-schuifwand-offerte\/#breadcrumb"},"inLanguage":"de","potentialAction":[{"@type":"ReadAction","target":["https:\/\/valkveranda.nl\/de\/glazen-schuifwand-offerte\/"]}]},{"@type":"BreadcrumbList","@id":"https:\/\/valkveranda.nl\/de\/glazen-schuifwand-offerte\/#breadcrumb","itemListElement":[{"@type":"ListItem","position":1,"name":"Home","item":"https:\/\/valkveranda.nl\/de\/"},{"@type":"ListItem","position":2,"name":"Glazen schuifwand offerte"}]},{"@type":"WebSite","@id":"https:\/\/valkveranda.nl\/de\/#website","url":"https:\/\/valkveranda.nl\/de\/","name":"Valk Veranda","description":"Geniet langer van uw tuin!","publisher":{"@id":"https:\/\/valkveranda.nl\/de\/#organization"},"potentialAction":[{"@type":"SearchAction","target":{"@type":"EntryPoint","urlTemplate":"https:\/\/valkveranda.nl\/de\/?s={search_term_string}"},"query-input":{"@type":"PropertyValueSpecification","valueRequired":true,"valueName":"search_term_string"}}],"inLanguage":"de"},{"@type":"Organization","@id":"https:\/\/valkveranda.nl\/de\/#organization","name":"Valk Veranda","url":"https:\/\/valkveranda.nl\/de\/","logo":{"@type":"ImageObject","inLanguage":"de","@id":"https:\/\/valkveranda.nl\/de\/#\/schema\/logo\/image\/","url":"https:\/\/valkveranda.nl\/wp-content\/uploads\/2020\/10\/valk-veranda-02.png","contentUrl":"https:\/\/valkveranda.nl\/wp-content\/uploads\/2020\/10\/valk-veranda-02.png","width":242,"height":51,"caption":"Valk Veranda"},"image":{"@id":"https:\/\/valkveranda.nl\/de\/#\/schema\/logo\/image\/"},"sameAs":["https:\/\/www.facebook.com\/valkveranda.nl\/?locale=nl_NL","https:\/\/www.instagram.co"]}]}},"_links":{"self":[{"href":"https:\/\/valkveranda.nl\/de\/wp-json\/wp\/v2\/pages\/21906","targetHints":{"allow":["GET"]}}],"collection":[{"href":"https:\/\/valkveranda.nl\/de\/wp-json\/wp\/v2\/pages"}],"about":[{"href":"https:\/\/valkveranda.nl\/de\/wp-json\/wp\/v2\/types\/page"}],"author":[{"embeddable":true,"href":"https:\/\/valkveranda.nl\/de\/wp-json\/wp\/v2\/users\/4"}],"replies":[{"embeddable":true,"href":"https:\/\/valkveranda.nl\/de\/wp-json\/wp\/v2\/comments?post=21906"}],"version-history":[{"count":4,"href":"https:\/\/valkveranda.nl\/de\/wp-json\/wp\/v2\/pages\/21906\/revisions"}],"predecessor-version":[{"id":22846,"href":"https:\/\/valkveranda.nl\/de\/wp-json\/wp\/v2\/pages\/21906\/revisions\/22846"}],"wp:attachment":[{"href":"https:\/\/valkveranda.nl\/de\/wp-json\/wp\/v2\/media?parent=21906"}],"curies":[{"name":"wp","href":"https:\/\/api.w.org\/{rel}","templated":true}]}}